{"id":2990,"date":"2022-04-05T13:53:02","date_gmt":"2022-04-05T13:53:02","guid":{"rendered":"https:\/\/vinaelena.com\/inicio\/"},"modified":"2026-04-20T06:48:45","modified_gmt":"2026-04-20T06:48:45","slug":"inicio","status":"publish","type":"page","link":"https:\/\/vinaelena.com\/en\/","title":{"rendered":"Home"},"content":{"rendered":"<p>[vc_row full_width=&#8221;stretch_row&#8221;][vc_column]\n\t\t\t<section class=\"cover fullscreen image-slider slider-arrow-controls controls-inside parallax-off hero-header\">\n\t\t\t    <ul class=\"slides\">\n\t\t\t        <li class=\"overlay image-bg\">\n\t\t\t            <div class=\"background-image-holder\">\n\t\t\t                <img loading=\"lazy\" decoding=\"async\" width=\"1200\" height=\"900\" src=\"https:\/\/vinaelena.com\/content-nx\/uploads\/2022\/04\/Aerea-parcela-CasaQuemada.jpg\" class=\"background-image\" alt=\"Parcela Finca Casa Quemada\" srcset=\"https:\/\/vinaelena.com\/content-nx\/uploads\/2022\/04\/Aerea-parcela-CasaQuemada.jpg 1200w, https:\/\/vinaelena.com\/content-nx\/uploads\/2022\/04\/Aerea-parcela-CasaQuemada-600x450.jpg 600w, https:\/\/vinaelena.com\/content-nx\/uploads\/2022\/04\/Aerea-parcela-CasaQuemada-300x225.jpg 300w, https:\/\/vinaelena.com\/content-nx\/uploads\/2022\/04\/Aerea-parcela-CasaQuemada-1024x768.jpg 1024w, https:\/\/vinaelena.com\/content-nx\/uploads\/2022\/04\/Aerea-parcela-CasaQuemada-768x576.jpg 768w\" sizes=\"auto, (max-width: 1200px) 100vw, 1200px\" \/>\n\t\t\t            <\/div>\n\t\t\t            <div class=\"container v-align-transform\">\n\t\t\t                <div class=\"row\">\n\t\t\t                    <div class=\"col-sm-12 text-center\">\n\t\t\t                        <\/p>\n<p class=\"lead italic\"><img loading=\"lazy\" decoding=\"async\" class=\"aligncenter wp-image-1508 size-medium\" src=\"https:\/\/vinaelena.com\/content-nx\/uploads\/2022\/04\/logo_VinaElena-blanco-300x165.png\" alt=\"Vi\u00f1a Elena logo\" width=\"300\" height=\"165\" srcset=\"https:\/\/vinaelena.com\/content-nx\/uploads\/2022\/04\/logo_VinaElena-blanco-300x165.png 300w, https:\/\/vinaelena.com\/content-nx\/uploads\/2022\/04\/logo_VinaElena-blanco.png 500w\" sizes=\"auto, (max-width: 300px) 100vw, 300px\" \/><\/p>\n<p>&nbsp;<\/p>\n<h5><\/h5>\n<h5 class=\"lead italic\" style=\"text-align: center;\"><em>\u201cFollowing tradition, while looking to the future \u201d<\/em><\/h5>\n<div class=\"modal-video-container\">\n\t\t\t                            <div class=\"play-button inline\"><\/div>\n\t\t\t                            <div class=\"modal-video\">\n\t\t\t                                <i class=\"ti-close close-iframe\"><\/i>\n\t\t\t                                <iframe loading=\"lazy\" title=\"Vina Elena Winery\" width=\"1170\" height=\"658\" src=\"https:\/\/www.youtube.com\/embed\/EQ0yZ1ocLwE?feature=oembed\" frameborder=\"0\" allow=\"accelerometer; autoplay; clipboard-write; encrypted-media; gyroscope; picture-in-picture; web-share\" referrerpolicy=\"strict-origin-when-cross-origin\" allowfullscreen><\/iframe>\n\t\t\t                            <\/div>\n\t\t\t                        <\/div>\n\t\t\t                    <\/div>\n\t\t\t                <\/div>\n\t\t\t            <\/div>\n\t\t\t        <\/li>\n\t\t\t    <\/ul>\n\t\t\t<\/section>\n\t\t[\/vc_column][\/vc_row][vc_row full_width=&#8221;stretch_row&#8221; equal_height=&#8221;yes&#8221; foundry_padding=&#8221;pt0 pb0&#8243; css=&#8221;.vc_custom_1655132916502{background-color: #ddd2bc !important;}&#8221;][vc_column width=&#8221;1\/12&#8243;][\/vc_column][vc_column width=&#8221;1\/4&#8243; css=&#8221;.vc_custom_1655132932694{padding-top: 40px !important;}&#8221;][vc_column_text css=&#8221;.vc_custom_1658157892691{padding-top: 40px !important;padding-right: 40px !important;padding-bottom: 40px !important;padding-left: 40px !important;}&#8221;]<\/p>\n<h5 class=\"uppercase fade-half mb-xs-24\" style=\"text-align: center;\">\u2022 SINCE 1948 \u2022<\/h5>\n<h4 style=\"text-align: center;\">The history of our bodega is the biography of a family legacy<\/h4>\n<p>&nbsp;<\/p>\n<p class=\"lead\" style=\"text-align: center;\"><img loading=\"lazy\" decoding=\"async\" class=\"aligncenter wp-image-1559\" src=\"https:\/\/vinaelena.com\/content-nx\/uploads\/2022\/04\/FamiliaPacheco-logo.png\" alt=\"Familia Pacheco - Vi\u00f1a Elena\" width=\"200\" height=\"119\" \/><\/p>\n<p>&nbsp;<\/p>\n<p style=\"text-align: center;\"><a class=\"btn\" href=\"https:\/\/vinaelena.com\/en\/history\/\">About us<\/a><\/p>\n<p>[\/vc_column_text][\/vc_column][vc_column width=&#8221;1\/12&#8243;][\/vc_column][vc_column width=&#8221;7\/12&#8243;][vc_single_image image=&#8221;1552&#8243; img_size=&#8221;full&#8221; alignment=&#8221;center&#8221;][\/vc_column][\/vc_row][vc_row][vc_column][vc_column_text css=&#8221;.vc_custom_1656751873735{margin-top: 20px !important;padding-right: 20px !important;padding-left: 20px !important;}&#8221;]<\/p>\n<h3 style=\"text-align: center;\">A list of some of our exceptional wines<\/h3>\n<p>[\/vc_column_text][\/vc_column][\/vc_row][vc_row foundry_padding=&#8221;pt0&#8243;][vc_column]\n\t\t<div class=\"image-carousel\">\n\t\t<div class=\"image-carousel-item overflow-hidden mb-xs-48\">\n\t\t\n\t\t\t<div class=\"col-sm-8 col-sm-offset-2 col-xs-6 col-xs-offset-3\">\n\t\t\t\t<img loading=\"lazy\" decoding=\"async\" width=\"590\" height=\"2000\" src=\"https:\/\/vinaelena.com\/content-nx\/uploads\/2026\/03\/Familia-Pacheco-Seleccion2022-1.jpg\" class=\"attachment-full size-full\" alt=\"Vino Familia Pacheco Selecci\u00f3n\" srcset=\"https:\/\/vinaelena.com\/content-nx\/uploads\/2026\/03\/Familia-Pacheco-Seleccion2022-1.jpg 590w, https:\/\/vinaelena.com\/content-nx\/uploads\/2026\/03\/Familia-Pacheco-Seleccion2022-1-302x1024.jpg 302w, https:\/\/vinaelena.com\/content-nx\/uploads\/2026\/03\/Familia-Pacheco-Seleccion2022-1-453x1536.jpg 453w\" sizes=\"auto, (max-width: 590px) 100vw, 590px\" \/>\n\t\t\t<\/div>\n\t\t\t\n\t\t\t<hr class=\"mb48\">\n\t\t\t\n\t\t\t<div class=\"text-holder\">\n\t\t\t\t<\/p>\n<h4 style=\"text-align: center;\">Selecci\u00f3n para Paco<\/h4>\n<h5 style=\"text-align: center;\">\u201cThis coupage is a tribute to the family patriarch, Paco Pacheco\u201d<\/h5>\n<p style=\"text-align: center;\"><a class=\"btn btn-filled mb0\" href=\"https:\/\/vinaelena.com\/en\/products\/wines\/\">MORE<\/a><\/p>\n<p>\n\n\t\t\t<\/div>\n\t\t\t\n\t\t<\/div>\n\t\n\t\t<div class=\"image-carousel-item overflow-hidden mb-xs-48\">\n\t\t\n\t\t\t<div class=\"col-sm-8 col-sm-offset-2 col-xs-6 col-xs-offset-3\">\n\t\t\t\t<img loading=\"lazy\" decoding=\"async\" width=\"590\" height=\"2000\" src=\"https:\/\/vinaelena.com\/content-nx\/uploads\/2022\/04\/Bruma-Parcela-Mandiles.jpg\" class=\"attachment-full size-full\" alt=\"Bruma del Estrecho de Mar\u00edn | Parcela Mandiles\" srcset=\"https:\/\/vinaelena.com\/content-nx\/uploads\/2022\/04\/Bruma-Parcela-Mandiles.jpg 590w, https:\/\/vinaelena.com\/content-nx\/uploads\/2022\/04\/Bruma-Parcela-Mandiles-302x1024.jpg 302w, https:\/\/vinaelena.com\/content-nx\/uploads\/2022\/04\/Bruma-Parcela-Mandiles-453x1536.jpg 453w\" sizes=\"auto, (max-width: 590px) 100vw, 590px\" \/>\n\t\t\t<\/div>\n\t\t\t\n\t\t\t<hr class=\"mb48\">\n\t\t\t\n\t\t\t<div class=\"text-holder\">\n\t\t\t\t<\/p>\n<h4 style=\"text-align: center;\">Mandiles<\/h4>\n<h5 style=\"text-align: center;\">\u201cMade from the oldest vineyard in the Bruma range\u201d<\/h5>\n<p style=\"text-align: center;\"><a class=\"btn btn-filled mb0\" href=\"https:\/\/vinaelena.com\/en\/products\/wines\/\">MORE<\/a><\/p>\n<p>\n\n\t\t\t<\/div>\n\t\t\t\n\t\t<\/div>\n\t\n\t\t<div class=\"image-carousel-item overflow-hidden mb-xs-48\">\n\t\t\n\t\t\t<div class=\"col-sm-8 col-sm-offset-2 col-xs-6 col-xs-offset-3\">\n\t\t\t\t<img loading=\"lazy\" decoding=\"async\" width=\"524\" height=\"1500\" src=\"https:\/\/vinaelena.com\/content-nx\/uploads\/2025\/03\/FamiliaPacheco-Sintesis-nuevo.jpg\" class=\"attachment-full size-full\" alt=\"Vino S\u00edntesis de Vi\u00f1a Elena - Nueva edici\u00f3n\" srcset=\"https:\/\/vinaelena.com\/content-nx\/uploads\/2025\/03\/FamiliaPacheco-Sintesis-nuevo.jpg 524w, https:\/\/vinaelena.com\/content-nx\/uploads\/2025\/03\/FamiliaPacheco-Sintesis-nuevo-105x300.jpg 105w, https:\/\/vinaelena.com\/content-nx\/uploads\/2025\/03\/FamiliaPacheco-Sintesis-nuevo-358x1024.jpg 358w\" sizes=\"auto, (max-width: 524px) 100vw, 524px\" \/>\n\t\t\t<\/div>\n\t\t\t\n\t\t\t<hr class=\"mb48\">\n\t\t\t\n\t\t\t<div class=\"text-holder\">\n\t\t\t\t<\/p>\n<h4 style=\"text-align: center;\">S\u00edntesis<\/h4>\n<h5 style=\"text-align: center;\">\u201cThe best of our old vineyards\u201d<\/h5>\n<p style=\"text-align: center;\"><a class=\"btn btn-filled mb0\" href=\"https:\/\/vinaelena.com\/en\/products\/wines\/\">MORE<\/a><\/p>\n<p>\n\n\t\t\t<\/div>\n\t\t\t\n\t\t<\/div>\n\t\n\t\t<div class=\"image-carousel-item overflow-hidden mb-xs-48\">\n\t\t\n\t\t\t<div class=\"col-sm-8 col-sm-offset-2 col-xs-6 col-xs-offset-3\">\n\t\t\t\t<img loading=\"lazy\" decoding=\"async\" width=\"590\" height=\"2000\" src=\"https:\/\/vinaelena.com\/content-nx\/uploads\/2022\/04\/Vermucho.jpg\" class=\"attachment-full size-full\" alt=\"Vermucho de Vi\u00f1a Elena\" srcset=\"https:\/\/vinaelena.com\/content-nx\/uploads\/2022\/04\/Vermucho.jpg 590w, https:\/\/vinaelena.com\/content-nx\/uploads\/2022\/04\/Vermucho-302x1024.jpg 302w, https:\/\/vinaelena.com\/content-nx\/uploads\/2022\/04\/Vermucho-453x1536.jpg 453w\" sizes=\"auto, (max-width: 590px) 100vw, 590px\" \/>\n\t\t\t<\/div>\n\t\t\t\n\t\t\t<hr class=\"mb48\">\n\t\t\t\n\t\t\t<div class=\"text-holder\">\n\t\t\t\t<\/p>\n<h4 style=\"text-align: center;\">Vermucho<\/h4>\n<h5 style=\"text-align: center;\">\u201cA vibrant vermouth\u201d<\/h5>\n<p style=\"text-align: center;\"><a class=\"btn btn-filled mb0\" href=\"https:\/\/vinaelena.com\/en\/products\/wines\/\">MORE<\/a><\/p>\n<p>\n\n\t\t\t<\/div>\n\t\t\t\n\t\t<\/div>\n\t\n\t\t<div class=\"image-carousel-item overflow-hidden mb-xs-48\">\n\t\t\n\t\t\t<div class=\"col-sm-8 col-sm-offset-2 col-xs-6 col-xs-offset-3\">\n\t\t\t\t<img loading=\"lazy\" decoding=\"async\" width=\"590\" height=\"2000\" src=\"https:\/\/vinaelena.com\/content-nx\/uploads\/2022\/04\/LosCucosdelaAlberquilla.jpg\" class=\"attachment-full size-full\" alt=\"Vino Cucos de la Alberquilla\" srcset=\"https:\/\/vinaelena.com\/content-nx\/uploads\/2022\/04\/LosCucosdelaAlberquilla.jpg 590w, https:\/\/vinaelena.com\/content-nx\/uploads\/2022\/04\/LosCucosdelaAlberquilla-302x1024.jpg 302w, https:\/\/vinaelena.com\/content-nx\/uploads\/2022\/04\/LosCucosdelaAlberquilla-453x1536.jpg 453w\" sizes=\"auto, (max-width: 590px) 100vw, 590px\" \/>\n\t\t\t<\/div>\n\t\t\t\n\t\t\t<hr class=\"mb48\">\n\t\t\t\n\t\t\t<div class=\"text-holder\">\n\t\t\t\t<\/p>\n<h4 style=\"text-align: center;\">Los Cucos de la Alberquilla<\/h4>\n<h5 style=\"text-align: center;\">\u201cA Cabernet Sauvignon wine made under the sun of Jumilla\u201d<\/h5>\n<p style=\"text-align: center;\"><a class=\"btn btn-filled mb0\" href=\"https:\/\/vinaelena.com\/en\/products\/wines\/\">MORE<\/a><\/p>\n<p>\n\n\t\t\t<\/div>\n\t\t\t\n\t\t<\/div>\n\t<\/div>\n\t\t<script type=\"text\/javascript\">\n\t\t\tjQuery(document).ready(function() { \n\t\n\t\t\t\tjQuery('.image-carousel').owlCarousel({\n\t\t\t\t\tnav: true,\n\t\t\t\t\tnavText: [\"<i class='ti-angle-left'>\",\"<i class='ti-angle-right'>\"],\n\t\t\t\t\tcenter: true,\n\t\t\t\t\tloop:true,\n\t\t\t\t\tresponsive:{\n\t\t\t\t        0:{\n\t\t\t\t            items:1\n\t\t\t\t        },\n\t\t\t\t        980:{\n\t\t\t\t            items: 3\n\t\t\t\t        },\n\t\t\t\t        1199:{\n\t\t\t\t            items: 3\n\t\t\t\t        },\n\t\t\t\t        1400:{\n\t\t\t\t            items: 3\n\t\t\t\t        }\n\t\t\t\t    }\n\t\t\t\t});\n\t\t\t\t\n\t\t\t});\n\t\t<\/script>\n\t[\/vc_column][\/vc_row][vc_row equal_height=&#8221;yes&#8221; foundry_background_style=&#8221;bg-dark&#8221; css=&#8221;.vc_custom_1649410365748{background-image: url(https:\/\/vinaelena.com\/content-nx\/uploads\/2022\/04\/CasadelosAbuelos-HabitacionElPajar-1.jpg?id=1909) !important;background-position: center !important;background-repeat: no-repeat !important;background-size: cover !important;}&#8221;][vc_column width=&#8221;2\/12&#8243;][\/vc_column][vc_column width=&#8221;6\/12&#8243;][vc_column_text el_class=&#8221;textoparrafo&#8221;]<\/p>\n<h2 style=\"text-align: center;\">WINE TOURISM RENOVATED<\/h2>\n<h5 class=\"lead\" style=\"text-align: center;\">We\u2019ve renovated the ancestral family home, La Casa de los Abuelos, in order to tell the story of our family in a very novel way and offer you an experience that will stimulate your senses.<\/h5>\n<p style=\"text-align: center;\">Visit us and discover our bodega\u2019s fascinating evolution and the indelible mark left by the three generations who have shaped it. Discover our vineyards first-hand and share in our most intimate winemaking secrets.<\/p>\n<p style=\"text-align: center;\"><a class=\"btn\" href=\"https:\/\/vinaelena.com\/en\/winetourism\/\">Discover +<\/a><\/p>\n<p>[\/vc_column_text][\/vc_column][vc_column width=&#8221;1\/12&#8243; offset=&#8221;vc_col-lg-2 vc_col-xs-5&#8243;][vc_single_image image=&#8221;5983&#8243; img_size=&#8221;full&#8221;][\/vc_column][vc_column width=&#8221;2\/12&#8243;][\/vc_column][\/vc_row][vc_row css=&#8221;.vc_custom_1649410377219{background-color: #baa791 !important;}&#8221;][vc_column][vc_tta_tabs color=&#8221;black&#8221; spacing=&#8221;10&#8243; alignment=&#8221;center&#8221; active_section=&#8221;1&#8243; title=&#8221;CHOOSE YOUR TOUR&#8221;][vc_tta_section title=&#8221;Wine Tour &amp; Tasting&#8221; tab_id=&#8221;Basic&#8221;][vc_column_text]<\/p>\n<p style=\"text-align: center;\"><strong>Tour of the vineyards closest to the bodega &amp; bodega<\/strong><br \/>\nTasting with 3 wines + EVOO + traditional Jumilla tapa.<\/p>\n<p style=\"text-align: center;\"><em>\u20ac14 per person.<\/em><\/p>\n<p style=\"text-align: center;\"><a class=\"btn\" href=\"https:\/\/vinaelena.com\/en\/winetourism\/la-casa-de-los-abuelos\/\">For more information<\/a><\/p>\n<p>[\/vc_column_text][\/vc_tta_section][vc_tta_section title=&#8221;Wine Tour + &#8216;Rural Lunch Menu'&#8221; tab_id=&#8221;Lunch&#8221;][vc_column_text]<\/p>\n<p style=\"text-align: center;\"><strong>Wine Tour + &#8216;Rural Lunch Menu&#8217; at La Casa de los Abuelos<\/strong><br \/>\nTasting with 3 wines, two tapas, a cheese board, and traditional Jumilla confectionary.<\/p>\n<p style=\"text-align: center;\"><em>\u20ac32 per person.<\/em><\/p>\n<p style=\"text-align: center;\"><a class=\"btn\" href=\"https:\/\/vinaelena.com\/en\/winetourism\/la-casa-de-los-abuelos\/\">For more information<\/a><\/p>\n<p>[\/vc_column_text][\/vc_tta_section][vc_tta_section title=&#8221;Wine Tour + \u2018Ra\u00edces Menu\u2019&#8221; tab_id=&#8221;Raices&#8221;][vc_column_text]<\/p>\n<p style=\"text-align: center;\"><strong>Wine Tour + \u2018Ra\u00edces Menu\u2019 at La Casa de los Abuelos<\/strong><br \/>\nA three-course menu and an aperitive paired with 4 wines. The meal starts with an EVOO and home-grown almond tasting, followed by three starters and a main course to choose with dessert to finish.<\/p>\n<p style=\"text-align: center;\"><em>\u20ac50 per person.<\/em><\/p>\n<p style=\"text-align: center;\"><a class=\"btn\" href=\"https:\/\/vinaelena.com\/en\/winetourism\/la-casa-de-los-abuelos\/\">For more information<\/a><\/p>\n<p>[\/vc_column_text][\/vc_tta_section][vc_tta_section title=&#8221;Wine Tour + \u2018Zarcillo Menu'&#8221; tab_id=&#8221;Zarcillo&#8221;][vc_column_text]<\/p>\n<p style=\"text-align: center;\"><strong>Wine Tour + \u2018Zarcillo Menu&#8217; at La Casa de los Abuelos<\/strong><br \/>\nOur most comprehensive menu paired with 5 wines. This tasting menu takes you on a culinary adventure through some of our region\u2019s most traditional fare with dessert and petit four to finish.<\/p>\n<p style=\"text-align: center;\"><em>\u20ac75 per person.<\/em><\/p>\n<p style=\"text-align: center;\"><a class=\"btn\" href=\"https:\/\/vinaelena.com\/en\/winetourism\/la-casa-de-los-abuelos\/\">For more information<\/a><\/p>\n<p>[\/vc_column_text][\/vc_tta_section][\/vc_tta_tabs][\/vc_column][\/vc_row][vc_row full_width=&#8221;stretch_row&#8221; css=&#8221;.vc_custom_1649409876296{background-color: #f2ece6 !important;}&#8221;][vc_column][vc_empty_space height=&#8221;40px&#8221;][vc_column_text css=&#8221;.vc_custom_1656611580527{padding-top: 40px !important;padding-right: 40px !important;padding-bottom: 40px !important;padding-left: 40px !important;}&#8221;]<\/p>\n<h2 style=\"text-align: center;\">THE ESTATE CROPS<\/h2>\n<h5 style=\"text-align: center;\">The \u2018Trinity\u2019 crops of the high-plains of Murcia<\/h5>\n<p>[\/vc_column_text][\/vc_column][\/vc_row][vc_row full_width=&#8221;stretch_row&#8221; equal_height=&#8221;yes&#8221; foundry_padding=&#8221;pt0&#8243; append_hr=&#8221;yes&#8221;][vc_column width=&#8221;1\/3&#8243;][vc_hoverbox image=&#8221;1624&#8243; primary_title=&#8221;Vineyards&#8221; primary_title_font_container=&#8221;color:%23ffffff&#8221; primary_title_google_fonts=&#8221;font_family:Raleway%3A100%2C200%2C300%2Cregular%2C500%2C600%2C700%2C800%2C900|font_style:400%20regular%3A400%3Anormal&#8221; hover_title=&#8221;Vineyards&#8221; shape=&#8221;square&#8221; hover_background_color=&#8221;custom&#8221; use_custom_fonts_primary_title=&#8221;true&#8221; hover_custom_background=&#8221;#f2ece6&#8243;]<\/p>\n<div class=\"fusion-text fusion-text-12\">\n<p style=\"text-align: center;\"><strong>Our principal grape variety<\/strong>\u00a0is <strong>Monastrell,<\/strong> which, due to the <strong>composition of the soils and the climate,<\/strong> is ideally located in Jumilla. This exceptional enclave enables the variety to develop its characteristic flavour and colour. The vineyards are also planted with <strong>other varieties that have adapted well to the conditions in the region.<\/strong> We are currently <strong>in the process of recovering old Monastrell vineyards<\/strong> in the north of the Jumilla region.<\/p>\n<\/div>\n<p>[\/vc_hoverbox][\/vc_column][vc_column width=&#8221;1\/3&#8243;][vc_hoverbox image=&#8221;1622&#8243; primary_title=&#8221;Olive Groves&#8221; primary_title_font_container=&#8221;color:%23ffffff&#8221; primary_title_google_fonts=&#8221;font_family:Raleway%3A100%2C200%2C300%2Cregular%2C500%2C600%2C700%2C800%2C900|font_style:400%20regular%3A400%3Anormal&#8221; hover_title=&#8221;Olive Groves&#8221; shape=&#8221;square&#8221; hover_background_color=&#8221;custom&#8221; use_custom_fonts_primary_title=&#8221;true&#8221; hover_custom_background=&#8221;#f2ece6&#8243;]<\/p>\n<div class=\"fusion-text fusion-text-12\">\n<p style=\"text-align: center;\">Many of our olive groves, which are mostly planted with the <strong>Arbequina variety,<\/strong> were planted by Paco Pacheco. The Pacheco Family patriarch chose the plots very carefully opting to plant the trees in <strong>poor, stony soils on the slopes of the valley where they are exposed to intense sunlight.<\/strong> We are currently in the process of <strong>expanding our olive groves to incorporate new varieties<\/strong> in various areas in the valley around the bodega.<\/p>\n<\/div>\n<p>[\/vc_hoverbox][\/vc_column][vc_column width=&#8221;1\/3&#8243;][vc_hoverbox image=&#8221;1620&#8243; primary_title=&#8221;Almond Trees&#8221; primary_title_font_container=&#8221;color:%23ffffff&#8221; primary_title_google_fonts=&#8221;font_family:Raleway%3A100%2C200%2C300%2Cregular%2C500%2C600%2C700%2C800%2C900|font_style:400%20regular%3A400%3Anormal&#8221; hover_title=&#8221;Almond Trees&#8221; shape=&#8221;square&#8221; hover_background_color=&#8221;custom&#8221; use_custom_fonts_primary_title=&#8221;true&#8221; hover_custom_background=&#8221;#f2ece6&#8243;]<\/p>\n<div class=\"fusion-text fusion-text-12\">\n<p style=\"text-align: center;\">There are over 100 hectares planted with different varieties of almond trees that have adapted well to the region\u2019s soils and climate: <strong>the traditional Atocha variety and other late-budding, short-growth cycle varieties<\/strong> such as Guara, Ferranduel and Ferrangn\u00e9s. We are currently in the process of planting <strong>new varieties as well as transitioning the whole estate over to organic cultivation<\/strong> \u2013 a project we started in 2020.<\/p>\n<\/div>\n<p>[\/vc_hoverbox][\/vc_column][\/vc_row][vc_row equal_height=&#8221;yes&#8221; css=&#8221;.vc_custom_1655133646318{padding-right: 20px !important;padding-left: 20px !important;background-color: #ededed !important;}&#8221;][vc_column width=&#8221;1\/3&#8243;][vc_column_text]<\/p>\n<h4>CONTACT VI\u00d1A ELENA<\/h4>\n<p><strong>Adress:<\/strong><br \/>\nRoad N-344 km 52,7<br \/>\nParaje Estrecho de Mar\u00edn<br \/>\n30529 JUMILLA. Murcia. Spain<br \/>\nHighway A33: Murcia&gt;Jumilla: exit 19<br \/>\nJumilla&gt;Murcia: exit 25<br \/>\n<strong>Telephone:<\/strong> +34 968 921 225<br \/>\n<strong>Email:<\/strong> info@vinaelena.com<\/p>\n<p><strong>&#8211; Wine Tourism Department:<\/strong><br \/>\n610 900 220 \/ 611 666 397. visitas@vinaelena.com (Mar\u00eda &amp; Magui)<\/p>\n<p><strong>&#8211; Export Department:<\/strong><br \/>\n627 881 824. export@vinaelena.com (Fernando)<\/p>\n<p><strong>&#8211; Domestic Sales Department:<\/strong><br \/>\n673 939 012. jose@vinaelena.com (Jose)[\/vc_column_text][\/vc_column][vc_column width=&#8221;1\/3&#8243;][vc_column_text]<\/p>\n<h4>OPENING TIMES<\/h4>\n<p><strong>\u2013 Shop:<\/strong><br \/>\n\u00b7 Monday to Friday 8 till 14 h and 16 till 19 h.<br \/>\n\u00b7 First Saturday of each month: from 8 to 14 h.<br \/>\n\u00b7 Sunday and holidays: closed.<\/p>\n<p><strong>\u2013 Office and deliveries:<\/strong><br \/>\n\u00b7 Monday to Friday 8 till 14 h and 15 till 17:30 h.<\/p>\n<p class=\"p1\"><span class=\"s1\"><b>\u2013 Wine tourism:<br \/>\nTuesday to Friday:<\/b><br \/>\n\u00b7 Basic visit: 10:30 and 11:30 h.<br \/>\n\u00b7 Visit + menu at Casa de los Abuelos: 11:30 and 12:30 h.<\/span><\/p>\n<p class=\"p1\"><span class=\"s1\"><b>Monday:<\/b><br \/>\n\u00b7 Opening subject to minimum group size (please enquire).<\/span><\/p>\n<p class=\"p1\"><span class=\"s1\"><b>Saturday, Sunday and some holidays:<\/b><br \/>\n\u00b7 Basic visit: 10:30 h.<br \/>\n\u00b7 Visit + menu at Casa de los Abuelos: 12:30 and 13:00 h.<\/span><\/p>\n<p class=\"p1\"><span class=\"s1\"><i>Tours require advance booking and are subject to availability and capacity limits.<\/i><\/span><\/p>\n<p>[\/vc_column_text][\/vc_column][vc_column width=&#8221;1\/3&#8243;][vc_gmaps link=&#8221;#E-8_JTNDaWZyYW1lJTIwc3JjJTNEJTIyaHR0cHMlM0ElMkYlMkZ3d3cuZ29vZ2xlLmNvbSUyRm1hcHMlMkZlbWJlZCUzRnBiJTNEJTIxMW0xNCUyMTFtOCUyMTFtMyUyMTFkNDAwNDM4LjA0Mzk4NTAwMTclMjEyZC0xLjI2Mjc0JTIxM2QzOC4zNjIzNTMlMjEzbTIlMjExaTEwMjQlMjEyaTc2OCUyMTRmMTMuMSUyMTNtMyUyMTFtMiUyMTFzMHgwJTI1M0EweDkzYjQwM2IzM2IzOWFiMjIlMjEyc0JvZGVnYXMlMjUyMFZpJTI1QzMlMjVCMWElMjUyMEVsZW5hJTIxNWUwJTIxM20yJTIxMXNlcyUyMTJzZXMlMjE0djE2NDkxNTkyNjEyMzElMjE1bTIlMjExc2VzJTIxMnNlcyUyMiUyMHdpZHRoJTNEJTIyNjAwJTIyJTIwaGVpZ2h0JTNEJTIyNDUwJTIyJTIwc3R5bGUlM0QlMjJib3JkZXIlM0EwJTNCJTIyJTIwYWxsb3dmdWxsc2NyZWVuJTNEJTIyJTIyJTIwbG9hZGluZyUzRCUyMmxhenklMjIlMjByZWZlcnJlcnBvbGljeSUzRCUyMm5vLXJlZmVycmVyLXdoZW4tZG93bmdyYWRlJTIyJTNFJTNDJTJGaWZyYW1lJTNF&#8221;][\/vc_column][\/vc_row][vc_row][vc_column width=&#8221;1\/12&#8243;][\/vc_column][vc_column width=&#8221;1\/6&#8243;][vc_single_image image=&#8221;1645&#8243; img_size=&#8221;full&#8221; alignment=&#8221;center&#8221;][\/vc_column][vc_column width=&#8221;1\/6&#8243;][vc_single_image image=&#8221;1651&#8243; img_size=&#8221;full&#8221;][\/vc_column][vc_column width=&#8221;1\/6&#8243;][vc_single_image image=&#8221;1649&#8243; img_size=&#8221;full&#8221;][\/vc_column][vc_column width=&#8221;1\/6&#8243;][vc_single_image image=&#8221;1653&#8243; img_size=&#8221;full&#8221;][\/vc_column][vc_column width=&#8221;1\/6&#8243;][vc_single_image image=&#8221;1647&#8243; img_size=&#8221;full&#8221;][\/vc_column][vc_column width=&#8221;1\/12&#8243;][\/vc_column][\/vc_row]<\/p>\n","protected":false},"excerpt":{"rendered":"<p>[vc_row full_width=&#8221;stretch_row&#8221;][vc_column][\/vc_column][\/vc_row][vc_row full_width=&#8221;stretch_row&#8221; equal_height=&#8221;yes&#8221; foundry_padding=&#8221;pt0 pb0&#8243; css=&#8221;.vc_custom_1655132916502{background-color: #ddd2bc !important;}&#8221;][vc_column width=&#8221;1\/12&#8243;][\/vc_column][vc_column width=&#8221;1\/4&#8243; css=&#8221;.vc_custom_1655132932694{padding-top: 40px !important;}&#8221;][vc_column_text css=&#8221;.vc_custom_1658157892691{padding-top: 40px !important;padding-right: 40px !important;padding-bottom: 40px !important;padding-left:&#8230;<\/p>\n","protected":false},"author":1,"featured_media":2979,"parent":0,"menu_order":0,"comment_status":"closed","ping_status":"closed","template":"","meta":{"footnotes":""},"class_list":["post-2990","page","type-page","status-publish","has-post-thumbnail","hentry"],"yoast_head":"<!-- This site is optimized with the Yoast SEO plugin v27.2 - https:\/\/yoast.com\/product\/yoast-seo-wordpress\/ -->\n<title>Home | Bodegas Vi\u00f1a Elena<\/title>\n<meta name=\"robots\" content=\"index, follow, max-snippet:-1, max-image-preview:large, max-video-preview:-1\" \/>\n<link rel=\"canonical\" href=\"https:\/\/vinaelena.com\/en\/\" \/>\n<meta property=\"og:locale\" content=\"en_US\" \/>\n<meta property=\"og:type\" content=\"article\" \/>\n<meta property=\"og:title\" content=\"Home | Bodegas Vi\u00f1a Elena\" \/>\n<meta property=\"og:description\" content=\"[vc_row full_width=&#8221;stretch_row&#8221;][vc_column][\/vc_column][\/vc_row][vc_row full_width=&#8221;stretch_row&#8221; equal_height=&#8221;yes&#8221; foundry_padding=&#8221;pt0 pb0&#8243; css=&#8221;.vc_custom_1655132916502{background-color: #ddd2bc !important;}&#8221;][vc_column width=&#8221;1\/12&#8243;][\/vc_column][vc_column width=&#8221;1\/4&#8243; css=&#8221;.vc_custom_1655132932694{padding-top: 40px !important;}&#8221;][vc_column_text css=&#8221;.vc_custom_1658157892691{padding-top: 40px !important;padding-right: 40px !important;padding-bottom: 40px !important;padding-left:...\" \/>\n<meta property=\"og:url\" content=\"https:\/\/vinaelena.com\/en\/\" \/>\n<meta property=\"og:site_name\" content=\"Bodegas Vi\u00f1a Elena\" \/>\n<meta property=\"article:modified_time\" content=\"2026-04-20T06:48:45+00:00\" \/>\n<meta property=\"og:image\" content=\"https:\/\/vinaelena.com\/content-nx\/uploads\/2022\/06\/logo_VinaElena-cuadrado.png\" \/>\n\t<meta property=\"og:image:width\" content=\"500\" \/>\n\t<meta property=\"og:image:height\" content=\"500\" \/>\n\t<meta property=\"og:image:type\" content=\"image\/png\" \/>\n<meta name=\"twitter:card\" content=\"summary_large_image\" \/>\n<meta name=\"twitter:label1\" content=\"Est. reading time\" \/>\n\t<meta name=\"twitter:data1\" content=\"8 minutes\" \/>\n<script type=\"application\/ld+json\" class=\"yoast-schema-graph\">{\"@context\":\"https:\/\/schema.org\",\"@graph\":[{\"@type\":\"WebPage\",\"@id\":\"https:\/\/vinaelena.com\/en\/\",\"url\":\"https:\/\/vinaelena.com\/en\/\",\"name\":\"Home | Bodegas Vi\u00f1a Elena\",\"isPartOf\":{\"@id\":\"https:\/\/vinaelena.com\/en\/#website\"},\"primaryImageOfPage\":{\"@id\":\"https:\/\/vinaelena.com\/en\/#primaryimage\"},\"image\":{\"@id\":\"https:\/\/vinaelena.com\/en\/#primaryimage\"},\"thumbnailUrl\":\"https:\/\/vinaelena.com\/content-nx\/uploads\/2022\/06\/logo_VinaElena-cuadrado.png\",\"datePublished\":\"2022-04-05T13:53:02+00:00\",\"dateModified\":\"2026-04-20T06:48:45+00:00\",\"inLanguage\":\"en-US\",\"potentialAction\":[{\"@type\":\"ReadAction\",\"target\":[\"https:\/\/vinaelena.com\/en\/\"]}]},{\"@type\":\"ImageObject\",\"inLanguage\":\"en-US\",\"@id\":\"https:\/\/vinaelena.com\/en\/#primaryimage\",\"url\":\"https:\/\/vinaelena.com\/content-nx\/uploads\/2022\/06\/logo_VinaElena-cuadrado.png\",\"contentUrl\":\"https:\/\/vinaelena.com\/content-nx\/uploads\/2022\/06\/logo_VinaElena-cuadrado.png\",\"width\":500,\"height\":500,\"caption\":\"Bodegas Vi\u00f1a Elena\"},{\"@type\":\"WebSite\",\"@id\":\"https:\/\/vinaelena.com\/en\/#website\",\"url\":\"https:\/\/vinaelena.com\/en\/\",\"name\":\"Bodegas Vi\u00f1a Elena\",\"description\":\"Wines from Jumilla. Wine tourism\",\"publisher\":{\"@id\":\"https:\/\/vinaelena.com\/en\/#organization\"},\"potentialAction\":[{\"@type\":\"SearchAction\",\"target\":{\"@type\":\"EntryPoint\",\"urlTemplate\":\"https:\/\/vinaelena.com\/en\/?s={search_term_string}\"},\"query-input\":{\"@type\":\"PropertyValueSpecification\",\"valueRequired\":true,\"valueName\":\"search_term_string\"}}],\"inLanguage\":\"en-US\"},{\"@type\":\"Organization\",\"@id\":\"https:\/\/vinaelena.com\/en\/#organization\",\"name\":\"Bodegas Vi\u00f1a Elena\",\"url\":\"https:\/\/vinaelena.com\/en\/\",\"logo\":{\"@type\":\"ImageObject\",\"inLanguage\":\"en-US\",\"@id\":\"https:\/\/vinaelena.com\/en\/#\/schema\/logo\/image\/\",\"url\":\"https:\/\/vinaelena.com\/content-nx\/uploads\/2022\/06\/logo_VinaElena-cuadrado.png\",\"contentUrl\":\"https:\/\/vinaelena.com\/content-nx\/uploads\/2022\/06\/logo_VinaElena-cuadrado.png\",\"width\":500,\"height\":500,\"caption\":\"Bodegas Vi\u00f1a Elena\"},\"image\":{\"@id\":\"https:\/\/vinaelena.com\/en\/#\/schema\/logo\/image\/\"}}]}<\/script>\n<!-- \/ Yoast SEO plugin. -->","yoast_head_json":{"title":"Home | Bodegas Vi\u00f1a Elena","robots":{"index":"index","follow":"follow","max-snippet":"max-snippet:-1","max-image-preview":"max-image-preview:large","max-video-preview":"max-video-preview:-1"},"canonical":"https:\/\/vinaelena.com\/en\/","og_locale":"en_US","og_type":"article","og_title":"Home | Bodegas Vi\u00f1a Elena","og_description":"[vc_row full_width=&#8221;stretch_row&#8221;][vc_column][\/vc_column][\/vc_row][vc_row full_width=&#8221;stretch_row&#8221; equal_height=&#8221;yes&#8221; foundry_padding=&#8221;pt0 pb0&#8243; css=&#8221;.vc_custom_1655132916502{background-color: #ddd2bc !important;}&#8221;][vc_column width=&#8221;1\/12&#8243;][\/vc_column][vc_column width=&#8221;1\/4&#8243; css=&#8221;.vc_custom_1655132932694{padding-top: 40px !important;}&#8221;][vc_column_text css=&#8221;.vc_custom_1658157892691{padding-top: 40px !important;padding-right: 40px !important;padding-bottom: 40px !important;padding-left:...","og_url":"https:\/\/vinaelena.com\/en\/","og_site_name":"Bodegas Vi\u00f1a Elena","article_modified_time":"2026-04-20T06:48:45+00:00","og_image":[{"width":500,"height":500,"url":"https:\/\/vinaelena.com\/content-nx\/uploads\/2022\/06\/logo_VinaElena-cuadrado.png","type":"image\/png"}],"twitter_card":"summary_large_image","twitter_misc":{"Est. reading time":"8 minutes"},"schema":{"@context":"https:\/\/schema.org","@graph":[{"@type":"WebPage","@id":"https:\/\/vinaelena.com\/en\/","url":"https:\/\/vinaelena.com\/en\/","name":"Home | Bodegas Vi\u00f1a Elena","isPartOf":{"@id":"https:\/\/vinaelena.com\/en\/#website"},"primaryImageOfPage":{"@id":"https:\/\/vinaelena.com\/en\/#primaryimage"},"image":{"@id":"https:\/\/vinaelena.com\/en\/#primaryimage"},"thumbnailUrl":"https:\/\/vinaelena.com\/content-nx\/uploads\/2022\/06\/logo_VinaElena-cuadrado.png","datePublished":"2022-04-05T13:53:02+00:00","dateModified":"2026-04-20T06:48:45+00:00","inLanguage":"en-US","potentialAction":[{"@type":"ReadAction","target":["https:\/\/vinaelena.com\/en\/"]}]},{"@type":"ImageObject","inLanguage":"en-US","@id":"https:\/\/vinaelena.com\/en\/#primaryimage","url":"https:\/\/vinaelena.com\/content-nx\/uploads\/2022\/06\/logo_VinaElena-cuadrado.png","contentUrl":"https:\/\/vinaelena.com\/content-nx\/uploads\/2022\/06\/logo_VinaElena-cuadrado.png","width":500,"height":500,"caption":"Bodegas Vi\u00f1a Elena"},{"@type":"WebSite","@id":"https:\/\/vinaelena.com\/en\/#website","url":"https:\/\/vinaelena.com\/en\/","name":"Bodegas Vi\u00f1a Elena","description":"Wines from Jumilla. Wine tourism","publisher":{"@id":"https:\/\/vinaelena.com\/en\/#organization"},"potentialAction":[{"@type":"SearchAction","target":{"@type":"EntryPoint","urlTemplate":"https:\/\/vinaelena.com\/en\/?s={search_term_string}"},"query-input":{"@type":"PropertyValueSpecification","valueRequired":true,"valueName":"search_term_string"}}],"inLanguage":"en-US"},{"@type":"Organization","@id":"https:\/\/vinaelena.com\/en\/#organization","name":"Bodegas Vi\u00f1a Elena","url":"https:\/\/vinaelena.com\/en\/","logo":{"@type":"ImageObject","inLanguage":"en-US","@id":"https:\/\/vinaelena.com\/en\/#\/schema\/logo\/image\/","url":"https:\/\/vinaelena.com\/content-nx\/uploads\/2022\/06\/logo_VinaElena-cuadrado.png","contentUrl":"https:\/\/vinaelena.com\/content-nx\/uploads\/2022\/06\/logo_VinaElena-cuadrado.png","width":500,"height":500,"caption":"Bodegas Vi\u00f1a Elena"},"image":{"@id":"https:\/\/vinaelena.com\/en\/#\/schema\/logo\/image\/"}}]}},"_links":{"self":[{"href":"https:\/\/vinaelena.com\/en\/wp-json\/wp\/v2\/pages\/2990","targetHints":{"allow":["GET"]}}],"collection":[{"href":"https:\/\/vinaelena.com\/en\/wp-json\/wp\/v2\/pages"}],"about":[{"href":"https:\/\/vinaelena.com\/en\/wp-json\/wp\/v2\/types\/page"}],"author":[{"embeddable":true,"href":"https:\/\/vinaelena.com\/en\/wp-json\/wp\/v2\/users\/1"}],"replies":[{"embeddable":true,"href":"https:\/\/vinaelena.com\/en\/wp-json\/wp\/v2\/comments?post=2990"}],"version-history":[{"count":60,"href":"https:\/\/vinaelena.com\/en\/wp-json\/wp\/v2\/pages\/2990\/revisions"}],"predecessor-version":[{"id":6134,"href":"https:\/\/vinaelena.com\/en\/wp-json\/wp\/v2\/pages\/2990\/revisions\/6134"}],"wp:featuredmedia":[{"embeddable":true,"href":"https:\/\/vinaelena.com\/en\/wp-json\/wp\/v2\/media\/2979"}],"wp:attachment":[{"href":"https:\/\/vinaelena.com\/en\/wp-json\/wp\/v2\/media?parent=2990"}],"curies":[{"name":"wp","href":"https:\/\/api.w.org\/{rel}","templated":true}]}}